{"id":24658,"date":"2025-12-09T11:11:24","date_gmt":"2025-12-09T10:11:24","guid":{"rendered":"https:\/\/career.scheer-group.com\/de\/?page_id=24658"},"modified":"2026-01-06T10:46:21","modified_gmt":"2026-01-06T09:46:21","slug":"karriere-faqs","status":"publish","type":"page","link":"https:\/\/career.scheer-group.com\/de\/karriere-faqs\/","title":{"rendered":"Karriere FAQs"},"content":{"rendered":"<div id=\"pl-24658\"  class=\"panel-layout\" ><div id=\"pg-24658-0\"  class=\"panel-grid panel-no-style\"  style=\"--mobile-padding:;\" ><div id=\"pgc-24658-0-0\"  class=\"panel-grid-cell panel-grid-cell-empty\" ><\/div><div id=\"pgc-24658-0-1\"  class=\"panel-grid-cell panel-grid-cell-mobile-last\" ><div id=\"panel-24658-0-1-0\" class=\"so-panel widget widget_zrm-up-job-header panel-first-child panel-last-child\" data-index=\"0\" ><div\n\t\t\t\n\t\t\tclass=\"so-widget-zrm-up-job-header so-widget-zrm-up-job-header-default-d75171398898-24658\"\n\t\t\t\n\t\t>\n\n\t<div class=\"widget widget--update widget--job-header widget--show\" style=\"--margins-desktop:0px 0px 120px 0px;--margins-mobile:0px 0px 60px 0px;--paddings-desktop:0px 0px 0px 0px;--paddings-mobile:0px 0px 0px 0px;\">\n\t\t<div class=\"job-header\">\n\t\t\t<div class=\"job-header__wrapper wrapper\">\n\t\t\t\t<div class=\"wrapper__entry content content--start\">\n\t\t\t\t\t<div class=\"content__headline\">\n\t\t\t\t\t\t<h1 class=\"h1_update\">Karriere FAQs<\/h1>\t\t\t\t\t<\/div>\n\t\t\t\t\t\t\t\t\t\t\t<div class=\"content__copy text_medium_update\">\n\t\t\t\t\t\t\t<p>Noch Fragen? Hier findest du Antworten auf die h\u00e4ufigsten Fragen direkt von unserem Karriereteam.<\/p>\n\t\t\t\t\t\t<\/div>\n\t\t\t\t\t\t\t\t\t\t<\/div>\n\t\t\t\t<div class=\"wrapper__entry media\">\n\t\t\t\t\t\t\t\t\t\t\t\t<div class=\"images images--1 \">\n\t\t\t\t\t\t\t\t\t\t\t\t\t\t\t\t\t<img\n\t\t\t\t\t\t\t\t\t\t\t\tclass=\"images__image images__image--1 images__image--4-3\"\n\t\t\t\t\t\t\t\t\t\t\t\tsrc=\"https:\/\/career.scheer-group.com\/de\/wp-content\/uploads\/sites\/8\/2025\/12\/Header-4-3-Graphic_FAQ.jpg\"\n\t\t\t\t\t\t\t\t\t\t\t\talt=\"Symbolbild mit Icon, das ein Fragezeichen zeigt\"\n\t\t\t\t\t\t\t\t\t\t\t\tdraggable=\"false\"\n\t\t\t\t\t\t\t\t\t>\n\t\t\t\t\t\t\t\t\t\t\t\t\t\t\t\t<\/div>\n\t\t\t\t\t\t\t\t\t\t\t<\/div>\n\t\t\t<\/div>\n\t\t<\/div>\n\t<\/div>\n<\/div><\/div><\/div><div id=\"pgc-24658-0-2\"  class=\"panel-grid-cell panel-grid-cell-empty\" ><\/div><\/div><div id=\"pg-24658-1\"  class=\"panel-grid panel-no-style\"  style=\"--mobile-padding:;\" ><div id=\"pgc-24658-1-0\"  class=\"panel-grid-cell panel-grid-cell-empty\" ><\/div><div id=\"pgc-24658-1-1\"  class=\"panel-grid-cell panel-grid-cell-mobile-last\" ><div id=\"panel-24658-1-1-0\" class=\"so-panel widget widget_zrm-separator panel-first-child panel-last-child\" data-index=\"1\" ><div\n\t\t\t\n\t\t\tclass=\"so-widget-zrm-separator so-widget-zrm-separator-default-d75171398898-24658\"\n\t\t\t\n\t\t><div class=\"widget widget--separator widget--show lg\">\n\t<div class=\"separator\">\n\t\t<div class=\"separator__line\"><\/div>\n\t\t\t\t<div class=\"separator__line\"><\/div>\n\t<\/div>\n<\/div><\/div><\/div><\/div><div id=\"pgc-24658-1-2\"  class=\"panel-grid-cell panel-grid-cell-empty\" ><\/div><\/div><div id=\"pg-24658-2\"  class=\"panel-grid panel-no-style\"  style=\"--mobile-padding:;\" ><div id=\"pgc-24658-2-0\"  class=\"panel-grid-cell panel-grid-cell-empty\" ><\/div><div id=\"pgc-24658-2-1\"  class=\"panel-grid-cell panel-grid-cell-mobile-last\" ><div id=\"panel-24658-2-1-0\" class=\"so-panel widget widget_zrm-up-headline panel-first-child\" data-index=\"2\" ><div\n\t\t\t\n\t\t\tclass=\"so-widget-zrm-up-headline so-widget-zrm-up-headline-default-d75171398898-24658\"\n\t\t\t\n\t\t>\n\n\t<div class=\"widget widget--update widget--headline_update widget--show\" style=\"--margins-desktop:0px 0px 60px 0px;--margins-mobile:40px 0px 20px 0px;\">\n\t\t<h2 class=\"h3_update light ta-left\">Bewerbungsprozess<\/h2>\t<\/div>\n\n<\/div><\/div><div id=\"panel-24658-2-1-1\" class=\"so-panel widget widget_zrm-accordion panel-last-child\" data-index=\"3\" ><div\n\t\t\t\n\t\t\tclass=\"so-widget-zrm-accordion so-widget-zrm-accordion-default-d75171398898-24658\"\n\t\t\t\n\t\t><div class=\"widget widget--accordion widget--show xl\">\n\t\t\t<div class=\"accordion__item shadow\">\n\t\t\t<div class=\"accordion__header h4\"><div class=\"plus\"><\/div>Wie bewerbe ich mich f\u00fcr eine Stelle? <\/div>\n\t\t\t<div class=\"accordion__content\">\n\t\t\t\t<div class=\"accordion__image\"><\/div>\n\t\t\t\t<div class=\"accordion__copy\"><p>Unser Bewerbungsprozess basiert auf drei einfachen \u00fcbersichtlichen Schritten:<\/p>\n<ul>\n<li aria-setsize=\"-1\" data-leveltext=\"-\" data-font=\"Roboto\" data-listid=\"16\" data-list-defn-props=\"{&quot;335552541&quot;:1,&quot;335559685&quot;:720,&quot;335559991&quot;:360,&quot;469769226&quot;:&quot;Roboto&quot;,&quot;469769242&quot;:[8226],&quot;469777803&quot;:&quot;left&quot;,&quot;469777804&quot;:&quot;-&quot;,&quot;469777815&quot;:&quot;hybridMultilevel&quot;}\" data-aria-posinset=\"1\" data-aria-level=\"1\">Klicke auf \u201eJetzt bewerben\u201c<\/li>\n<\/ul>\n<ul>\n<li aria-setsize=\"-1\" data-leveltext=\"-\" data-font=\"Roboto\" data-listid=\"16\" data-list-defn-props=\"{&quot;335552541&quot;:1,&quot;335559685&quot;:720,&quot;335559991&quot;:360,&quot;469769226&quot;:&quot;Roboto&quot;,&quot;469769242&quot;:[8226],&quot;469777803&quot;:&quot;left&quot;,&quot;469777804&quot;:&quot;-&quot;,&quot;469777815&quot;:&quot;hybridMultilevel&quot;}\" data-aria-posinset=\"2\" data-aria-level=\"1\">F\u00fclle das Formular aus und lade deinen Lebenslauf hoch (und idealerweise ein Anschreiben) hoch<\/li>\n<\/ul>\n<ul>\n<li><span data-contrast=\"none\">Klicke auf \u201eBewerbung absenden\u201c \u2013 fertig! <\/span><span data-ccp-props=\"{&quot;134233117&quot;:false,&quot;134233118&quot;:false,&quot;335559738&quot;:240,&quot;335559739&quot;:240}\">\u00a0<\/span><\/li>\n<\/ul>\n<p>&nbsp;<\/p>\n<p>Wir bitten dich aus Datenschutzgr\u00fcnden keine Bewerbungen per Post oder E-Mail zu senden.<\/p>\n<p>&nbsp;<\/p>\n<\/div>\n\t\t\t\t<div class=\"accordion__cta\">\n\t\t\t\t\t\t\t\t\t\t\t\t\t\t\t<\/div>\n\t\t\t<\/div>\n\t\t<\/div>\n\t\t\t<div class=\"accordion__item shadow\">\n\t\t\t<div class=\"accordion__header h4\"><div class=\"plus\"><\/div>Wird ein Konto f\u00fcr die Bewerbung ben\u00f6tigt?<\/div>\n\t\t\t<div class=\"accordion__content\">\n\t\t\t\t<div class=\"accordion__image\"><\/div>\n\t\t\t\t<div class=\"accordion__copy\"><p><span class=\"TextRun SCXW221384974 BCX0\" lang=\"DE-DE\" xml:lang=\"DE-DE\" data-contrast=\"none\"><span class=\"NormalTextRun SCXW221384974 BCX0\">Nein. Das Erstellen eines Kontos in unserem Jobportal ist jedoch erforderlich, um den Status der Bewerbung nach der Einreichung verfolgen zu k\u00f6nnen. Dies dauert allerdings nur wenige Augenblicke. Andernfalls erh\u00e4ltst du Updates per E-Mail.<\/span><\/span><span class=\"EOP SCXW221384974 BCX0\" data-ccp-props=\"{}\">\u00a0<\/span><\/p>\n<\/div>\n\t\t\t\t<div class=\"accordion__cta\">\n\t\t\t\t\t\t\t\t\t\t\t\t\t\t\t<\/div>\n\t\t\t<\/div>\n\t\t<\/div>\n\t\t\t<div class=\"accordion__item shadow\">\n\t\t\t<div class=\"accordion__header h4\"><div class=\"plus\"><\/div>Kann ich mich f\u00fcr mehr als eine Stelle bewerben?<\/div>\n\t\t\t<div class=\"accordion__content\">\n\t\t\t\t<div class=\"accordion__image\"><\/div>\n\t\t\t\t<div class=\"accordion__copy\"><p><span class=\"TextRun SCXW99683007 BCX0\" lang=\"DE-DE\" xml:lang=\"DE-DE\" data-contrast=\"none\"><span class=\"NormalTextRun SCXW99683007 BCX0\">Selbstverst\u00e4ndlich! Du kannst dich\u00a0<\/span><span class=\"NormalTextRun AdvancedProofingIssueV2Themed SCXW99683007 BCX0\">nat\u00fcrlich auf<\/span><span class=\"NormalTextRun SCXW99683007 BCX0\"> beliebig viele passende Stellen bewerben. Gib hierf\u00fcr in deinem Anschreiben gerne deine bevorzugte(n) <\/span><span class=\"NormalTextRun SpellingErrorV2Themed SCXW99683007 BCX0\">Position(e<\/span><span class=\"NormalTextRun SCXW99683007 BCX0\">n) an.\u00a0<\/span><\/span><span class=\"TextRun SCXW99683007 BCX0\" lang=\"EN-US\" xml:lang=\"EN-US\" data-contrast=\"auto\"><span class=\"NormalTextRun SCXW99683007 BCX0\">\u00a0<\/span><\/span><span class=\"EOP SCXW99683007 BCX0\" data-ccp-props=\"{}\">\u00a0<\/span><\/p>\n<\/div>\n\t\t\t\t<div class=\"accordion__cta\">\n\t\t\t\t\t\t\t\t\t\t\t\t\t\t\t<\/div>\n\t\t\t<\/div>\n\t\t<\/div>\n\t\t\t<div class=\"accordion__item shadow\">\n\t\t\t<div class=\"accordion__header h4\"><div class=\"plus\"><\/div>Was sollte meine Bewerbung beinhalten?<\/div>\n\t\t\t<div class=\"accordion__content\">\n\t\t\t\t<div class=\"accordion__image\"><\/div>\n\t\t\t\t<div class=\"accordion__copy\"><p>F\u00fcr die Bewerbung ist lediglich ein Lebenslauf erforderlich, jedoch ist ein Anschreiben empfehlenswert. Falls du ein Portfolio oder Arbeitsproben hast, kannst du diese ebenfalls gerne mit uns teilen. Bitte reiche auch alle relevanten bzw. erforderlichen Zeugnisse ein.<\/p>\n<\/div>\n\t\t\t\t<div class=\"accordion__cta\">\n\t\t\t\t\t\t\t\t\t\t\t\t\t\t\t<\/div>\n\t\t\t<\/div>\n\t\t<\/div>\n\t\t\t<div class=\"accordion__item shadow\">\n\t\t\t<div class=\"accordion__header h4\"><div class=\"plus\"><\/div>Woher wei\u00df ich, ob meine Bewerbung erfolgreich eingegangen ist?<\/div>\n\t\t\t<div class=\"accordion__content\">\n\t\t\t\t<div class=\"accordion__image\"><\/div>\n\t\t\t\t<div class=\"accordion__copy\"><p>Jede Bewerbung wird in unser Bewerbermanagement-System eingetragen. Eine Best\u00e4tigung f\u00fcr deine erfolgreich eingereichte Bewerbung erh\u00e4ltst du im Anschluss per E-Mail.<\/p>\n<\/div>\n\t\t\t\t<div class=\"accordion__cta\">\n\t\t\t\t\t\t\t\t\t\t\t\t\t\t\t<\/div>\n\t\t\t<\/div>\n\t\t<\/div>\n\t<\/div>\n<\/div><\/div><\/div><div id=\"pgc-24658-2-2\"  class=\"panel-grid-cell panel-grid-cell-empty\" ><\/div><\/div><div id=\"pg-24658-3\"  class=\"panel-grid panel-no-style\"  style=\"--mobile-padding:;\" ><div id=\"pgc-24658-3-0\"  class=\"panel-grid-cell panel-grid-cell-empty\" ><\/div><div id=\"pgc-24658-3-1\"  class=\"panel-grid-cell panel-grid-cell-mobile-last\" ><div id=\"panel-24658-3-1-0\" class=\"so-panel widget widget_zrm-up-headline panel-first-child\" data-index=\"4\" ><div\n\t\t\t\n\t\t\tclass=\"so-widget-zrm-up-headline so-widget-zrm-up-headline-default-d75171398898-24658\"\n\t\t\t\n\t\t>\n\n\t<div class=\"widget widget--update widget--headline_update widget--show\" style=\"--margins-desktop:0px 0px 60px 0px;--margins-mobile:40px 0px 20px 0px;\">\n\t\t<h2 class=\"h3_update light ta-left\">Interviewprozess<\/h2>\t<\/div>\n\n<\/div><\/div><div id=\"panel-24658-3-1-1\" class=\"so-panel widget widget_zrm-accordion panel-last-child\" data-index=\"5\" ><div\n\t\t\t\n\t\t\tclass=\"so-widget-zrm-accordion so-widget-zrm-accordion-default-d75171398898-24658\"\n\t\t\t\n\t\t><div class=\"widget widget--accordion widget--show xl\">\n\t\t\t<div class=\"accordion__item shadow\">\n\t\t\t<div class=\"accordion__header h4\"><div class=\"plus\"><\/div>Wie ist der Ablauf bei Bewerbungsgespr\u00e4chen?<\/div>\n\t\t\t<div class=\"accordion__content\">\n\t\t\t\t<div class=\"accordion__image\"><\/div>\n\t\t\t\t<div class=\"accordion__copy\"><p>In unserem standardisierten Prozess f\u00fcr Bewerbungsgespr\u00e4che wird ein erstes Online-Gespr\u00e4ch (in der Regel \u00fcber Microsoft Teams oder teilweise auch pers\u00f6nlich) mit dem Personalverantwortlichen und \/ oder der Personalabteilung durchgef\u00fchrt.<\/p>\n<p>&nbsp;<\/p>\n<p>Im Anschluss an dieses Gespr\u00e4ch\u00a0setzen wir uns mit dir in Verbindung,\u00a0um\u00a0ggf.\u00a0gemeinsam die n\u00e4chsten Schritte zu planen.<\/p>\n<\/div>\n\t\t\t\t<div class=\"accordion__cta\">\n\t\t\t\t\t\t\t\t\t\t\t\t\t\t\t<\/div>\n\t\t\t<\/div>\n\t\t<\/div>\n\t\t\t<div class=\"accordion__item shadow\">\n\t\t\t<div class=\"accordion__header h4\"><div class=\"plus\"><\/div>Wie viele Gespr\u00e4che sind w\u00e4hrend des Bewerbungsprozesses zu erwarten?<\/div>\n\t\t\t<div class=\"accordion__content\">\n\t\t\t\t<div class=\"accordion__image\"><\/div>\n\t\t\t\t<div class=\"accordion__copy\"><p>Der Bewerbungsprozess f\u00fcr die meisten Stellen umfasst zwei bis drei Vorstellungsgespr\u00e4che.<\/p>\n<\/div>\n\t\t\t\t<div class=\"accordion__cta\">\n\t\t\t\t\t\t\t\t\t\t\t\t\t\t\t<\/div>\n\t\t\t<\/div>\n\t\t<\/div>\n\t\t\t<div class=\"accordion__item shadow\">\n\t\t\t<div class=\"accordion__header h4\"><div class=\"plus\"><\/div>Wie kann ich mich am besten auf das Bewerbungsgespr\u00e4ch vorbereiten?<\/div>\n\t\t\t<div class=\"accordion__content\">\n\t\t\t\t<div class=\"accordion__image\"><\/div>\n\t\t\t\t<div class=\"accordion__copy\"><p>Wie bei jedem Bewerbungsgespr\u00e4ch gilt auch hier: Vorbereitung ist das A und O.<\/p>\n<p>&nbsp;<\/p>\n<p>Mache dich mit der Stellenanzeige, ihren Einzelheiten und der Karriere-Website im Allgemeinen vertraut. \u00dcberlege dir im Voraus Fragen, die dir m\u00f6glicherweise zu den fachlichen Aspekten der Stelle gestellt werden k\u00f6nnten.<\/p>\n<p>&nbsp;<\/p>\n<p>Zudem interessieren wir uns auch f\u00fcr die Person, die \u201ehinter dem Lebenslauf\u201c steckt. Bleib daher gerne authentisch und zeige, wer du wirklich bist.<\/p>\n<\/div>\n\t\t\t\t<div class=\"accordion__cta\">\n\t\t\t\t\t\t\t\t\t\t\t\t\t\t\t<\/div>\n\t\t\t<\/div>\n\t\t<\/div>\n\t\t\t<div class=\"accordion__item shadow\">\n\t\t\t<div class=\"accordion__header h4\"><div class=\"plus\"><\/div>Wie lange dauert es in der Regel bis ich eine R\u00fcckmeldung erhalte?<\/div>\n\t\t\t<div class=\"accordion__content\">\n\t\t\t\t<div class=\"accordion__image\"><\/div>\n\t\t\t\t<div class=\"accordion__copy\"><p><span class=\"TextRun SCXW80638406 BCX0\" lang=\"DE-DE\" xml:lang=\"DE-DE\" data-contrast=\"none\"><span class=\"NormalTextRun SCXW80638406 BCX0\">Dies kann von verschiedenen Faktoren abh\u00e4ngen. Wir bem\u00fchen uns, dir nach einem Vorstellungsgespr\u00e4ch innerhalb einer Woche eine R\u00fcckmeldung zu geben. Sollten wir jedoch etwas mehr Zeit ben\u00f6tigen, kommunizieren wir das mit dir bereits w\u00e4hrend\u00a0<\/span><span class=\"NormalTextRun ContextualSpellingAndGrammarErrorV2Themed SCXW80638406 BCX0\">des Gespr\u00e4chs.<\/span><\/span><\/p>\n<\/div>\n\t\t\t\t<div class=\"accordion__cta\">\n\t\t\t\t\t\t\t\t\t\t\t\t\t\t\t<\/div>\n\t\t\t<\/div>\n\t\t<\/div>\n\t<\/div>\n<\/div><\/div><\/div><div id=\"pgc-24658-3-2\"  class=\"panel-grid-cell panel-grid-cell-empty\" ><\/div><\/div><div id=\"pg-24658-4\"  class=\"panel-grid panel-no-style\"  style=\"--mobile-padding:;\" ><div id=\"pgc-24658-4-0\"  class=\"panel-grid-cell panel-grid-cell-empty\" ><\/div><div id=\"pgc-24658-4-1\"  class=\"panel-grid-cell panel-grid-cell-mobile-last\" ><div id=\"panel-24658-4-1-0\" class=\"so-panel widget widget_zrm-up-headline panel-first-child\" data-index=\"6\" ><div\n\t\t\t\n\t\t\tclass=\"so-widget-zrm-up-headline so-widget-zrm-up-headline-default-d75171398898-24658\"\n\t\t\t\n\t\t>\n\n\t<div class=\"widget widget--update widget--headline_update widget--show\" style=\"--margins-desktop:0px 0px 60px 0px;--margins-mobile:40px 0px 20px 0px;\">\n\t\t<h2 class=\"h3_update light ta-left\">Allgemeine Unternehmenskultur<\/h2>\t<\/div>\n\n<\/div><\/div><div id=\"panel-24658-4-1-1\" class=\"so-panel widget widget_zrm-accordion panel-last-child\" data-index=\"7\" ><div\n\t\t\t\n\t\t\tclass=\"so-widget-zrm-accordion so-widget-zrm-accordion-default-d75171398898-24658\"\n\t\t\t\n\t\t><div class=\"widget widget--accordion widget--show xl\">\n\t\t\t<div class=\"accordion__item shadow\">\n\t\t\t<div class=\"accordion__header h4\"><div class=\"plus\"><\/div>Wie ist es bei Scheer zu arbeiten?<\/div>\n\t\t\t<div class=\"accordion__content\">\n\t\t\t\t<div class=\"accordion__image\"><\/div>\n\t\t\t\t<div class=\"accordion__copy\"><p>Bei der Scheer Group beginnt alles mit deinem \u201eWarum\u201c \u2013 denn es ist ma\u00dfgeblich daf\u00fcr, was du bei uns bewirken kannst.<\/p>\n<p>&nbsp;<\/p>\n<p>Wir sind ein mitarbeiterorientiertes, technologiegetriebenes Unternehmen, in dem selbstorganisierte Fachexperten-Teams zusammenarbeiten, vom ersten Tag an Verantwortung \u00fcbernehmen und gemeinsam die Zukunft der digitalen Transformation gestalten.<\/p>\n<p>&nbsp;<\/p>\n<p>Bei uns findest du flache Hierarchien, offene Kommunikation und Entscheidungsfreiheit anstelle von Mikromanagement. Wir vertrauen darauf, dass unsere Mitarbeitenden selbstbewusst f\u00fchren und Initiative ergreifen.<\/p>\n<p>&nbsp;<\/p>\n<p>Mit deiner Erfahrung und deinen F\u00e4higkeiten wachsen auch deine M\u00f6glichkeiten. Wir f\u00f6rdern deine Weiterentwicklung mit Coachings, Lernprogrammen und zunehmender Verantwortung.<\/p>\n<p>&nbsp;<\/p>\n<p>Bei uns hat deine Arbeit echten Impact. Du stehst nicht an der Seitenlinie, sondern wirst Teil von Projekten, die nicht nur f\u00fcr das Unternehmen und die Gesellschaft von Bedeutung sind, sondern auch f\u00fcr die Zukunft.<\/p>\n<p>&nbsp;<\/p>\n<p>Mit \u00fcber 40 Jahren Erfahrung verbinden wir fundiertes Fachwissen mit einer bodenst\u00e4ndigen Denkweise und dem Streben nach Exzellenz.<\/p>\n<\/div>\n\t\t\t\t<div class=\"accordion__cta\">\n\t\t\t\t\t\t\t\t\t\t\t\t\t\t\t<\/div>\n\t\t\t<\/div>\n\t\t<\/div>\n\t\t\t<div class=\"accordion__item shadow\">\n\t\t\t<div class=\"accordion__header h4\"><div class=\"plus\"><\/div>Wie ist die Unternehmenskultur bei Scheer?<\/div>\n\t\t\t<div class=\"accordion__content\">\n\t\t\t\t<div class=\"accordion__image\"><\/div>\n\t\t\t\t<div class=\"accordion__copy\"><p>Die Unternehmenskultur von Scheer ist von Sinnhaftigkeit gepr\u00e4gt und tief verwurzelt in Technologie und Unternehmertum. Inspiriert von der Vision unseres Gr\u00fcnders Prof. Dr. August-Wilhelm Scheer schaffen wir ein Umfeld, in dem Innovation gef\u00f6rdert wird. Vertrauen, Respekt und Eigenverantwortung sind bei uns auf allen Ebenen selbstverst\u00e4ndlich.<\/p>\n<p>&nbsp;<\/p>\n<p>Die Zusammenarbeit basiert auf gegenseitiger Wertsch\u00e4tzung f\u00fcr unterschiedliche Perspektiven. Wir unterst\u00fctzen uns gegenseitig bei Herausforderungen, feiern gemeinsam Erfolge und arbeiten als starke, eng vernetzte Teams.<\/p>\n<p>&nbsp;<\/p>\n<p>Unsere F\u00fchrungskr\u00e4fte verstehen sich als Partner und Coaches. Daher ist Anerkennung auch Teil unserer t\u00e4glichen Kultur \u2013 denn Fortschritt entsteht durch die Menschen, die jeden Tag ihr Bestes geben.<\/p>\n<p>&nbsp;<\/p>\n<p>Du m\u00f6chtst mehr \u00fcber die Arbeit bei Scheer erfahren? Entdecke, was die <a href=\"https:\/\/career.scheer-group.com\/de\/wie-wir-zusammenarbeiten\/\">Arbeit bei Scheer<\/a> so besonders macht.<\/p>\n<\/div>\n\t\t\t\t<div class=\"accordion__cta\">\n\t\t\t\t\t\t\t\t\t\t\t\t\t\t\t<\/div>\n\t\t\t<\/div>\n\t\t<\/div>\n\t\t\t<div class=\"accordion__item shadow\">\n\t\t\t<div class=\"accordion__header h4\"><div class=\"plus\"><\/div>Wird Hybrid-\/Remotearbeit unterst\u00fctzt?<\/div>\n\t\t\t<div class=\"accordion__content\">\n\t\t\t\t<div class=\"accordion__image\"><\/div>\n\t\t\t\t<div class=\"accordion__copy\"><p><span data-contrast=\"none\">Wir freuen uns, f\u00fcr die meisten Positionen in unserem Unternehmen hybrides Arbeiten anbieten zu k\u00f6nnen. Allerdings ist dies aufgrund der spezifischen Anforderungen bei einigen Stellen nicht m\u00f6glich.<\/span><\/p>\n<p>&nbsp;<\/p>\n<p><span data-contrast=\"none\">An Standorten, an denen wir mit einem B\u00fcro der Scheer Group vertreten sind, gilt unsere Richtlinie, dass wir \u201eflexibel, aber nicht zu 100% remote\u201d arbeiten.<\/span><span data-ccp-props=\"{}\">\u00a0<\/span><\/p>\n<\/div>\n\t\t\t\t<div class=\"accordion__cta\">\n\t\t\t\t\t\t\t\t\t\t\t\t\t\t\t<\/div>\n\t\t\t<\/div>\n\t\t<\/div>\n\t\t\t<div class=\"accordion__item shadow\">\n\t\t\t<div class=\"accordion__header h4\"><div class=\"plus\"><\/div>Wie wird bei Scheer Diversity, Fairness und Inklusion gelebt?<\/div>\n\t\t\t<div class=\"accordion__content\">\n\t\t\t\t<div class=\"accordion__image\"><\/div>\n\t\t\t\t<div class=\"accordion__copy\"><p>Als internationales Unternehmen mit Mitarbeitenden aus \u00fcber 40 L\u00e4ndern ist Vielfalt f\u00fcr uns essenziell. Wir sch\u00e4tzen die einzigartigen F\u00e4higkeiten und Erfahrungen, die jede Person mitbringt, und f\u00f6rdern sowohl fachliche als auch kulturelle Vielfalt.<\/p>\n<p>&nbsp;<\/p>\n<p>Zudem hei\u00dfen wir mit unserem \u201eFit4IDS Programm\u201d Neueinsteigende unterschiedlichster Hintergr\u00fcnde herzlich willkommen.<\/p>\n<\/div>\n\t\t\t\t<div class=\"accordion__cta\">\n\t\t\t\t\t\t\t\t\t\t\t\t\t\t\t<\/div>\n\t\t\t<\/div>\n\t\t<\/div>\n\t<\/div>\n<\/div><\/div><\/div><div id=\"pgc-24658-4-2\"  class=\"panel-grid-cell panel-grid-cell-empty\" ><\/div><\/div><div id=\"pg-24658-5\"  class=\"panel-grid panel-no-style\"  style=\"--mobile-padding:;\" ><div id=\"pgc-24658-5-0\"  class=\"panel-grid-cell panel-grid-cell-empty\" ><\/div><div id=\"pgc-24658-5-1\"  class=\"panel-grid-cell panel-grid-cell-mobile-last\" ><div id=\"panel-24658-5-1-0\" class=\"so-panel widget widget_zrm-up-headline panel-first-child\" data-index=\"8\" ><div\n\t\t\t\n\t\t\tclass=\"so-widget-zrm-up-headline so-widget-zrm-up-headline-default-d75171398898-24658\"\n\t\t\t\n\t\t>\n\n\t<div class=\"widget widget--update widget--headline_update widget--show\" style=\"--margins-desktop:0px 0px 60px 0px;--margins-mobile:40px 0px 20px 0px;\">\n\t\t<h2 class=\"h3_update light ta-left\">Verg\u00fctung und Benefits<\/h2>\t<\/div>\n\n<\/div><\/div><div id=\"panel-24658-5-1-1\" class=\"so-panel widget widget_zrm-accordion panel-last-child\" data-index=\"9\" ><div\n\t\t\t\n\t\t\tclass=\"so-widget-zrm-accordion so-widget-zrm-accordion-default-d75171398898-24658\"\n\t\t\t\n\t\t><div class=\"widget widget--accordion widget--show xl\">\n\t\t\t<div class=\"accordion__item shadow\">\n\t\t\t<div class=\"accordion__header h4\"><div class=\"plus\"><\/div>Welche Benefits bietet ihr Mitarbeitenden? <\/div>\n\t\t\t<div class=\"accordion__content\">\n\t\t\t\t<div class=\"accordion__image\"><\/div>\n\t\t\t\t<div class=\"accordion__copy\"><p>Unabh\u00e4ngig davon, wo und in welcher Rolle du arbeitest, bietet Scheer dir eine Vielzahl von Vorteilen, die dich nicht nur bei der Arbeit unterst\u00fctzen, sondern auch im privaten Umfeld.<\/p>\n<p>&nbsp;<\/p>\n<p>Die individuellen Vorteile f\u00fcr jede Position findest du auf der jeweiligen Stellenseite oder in unserer <a href=\"https:\/\/career.scheer-group.com\/de\/benefits-bei-scheer\/\">Benefits-\u00dcbersicht<\/a>.<\/p>\n<\/div>\n\t\t\t\t<div class=\"accordion__cta\">\n\t\t\t\t\t\t\t\t\t\t\t\t\t\t\t<\/div>\n\t\t\t<\/div>\n\t\t<\/div>\n\t\t\t<div class=\"accordion__item shadow\">\n\t\t\t<div class=\"accordion__header h4\"><div class=\"plus\"><\/div>Bietet ihr eine Krankenversicherung, Altersvorsorge und Programme zur Gesundheitsf\u00f6rderung an? <\/div>\n\t\t\t<div class=\"accordion__content\">\n\t\t\t\t<div class=\"accordion__image\"><\/div>\n\t\t\t\t<div class=\"accordion__copy\"><p>Wir freuen uns, unseren Mitarbeitenden eine umfassende Krankenversicherung, eine betriebliche Altersvorsorge und weitere Unterst\u00fctzungsprogramme anbieten zu k\u00f6nnen. In diesem Rahmen kannst du dich von unseren externen Partnern vertraulich beraten lassen.<\/p>\n<\/div>\n\t\t\t\t<div class=\"accordion__cta\">\n\t\t\t\t\t\t\t\t\t\t\t\t\t\t\t<\/div>\n\t\t\t<\/div>\n\t\t<\/div>\n\t\t\t<div class=\"accordion__item shadow\">\n\t\t\t<div class=\"accordion__header h4\"><div class=\"plus\"><\/div>Gibt es flexible Arbeitszeiten? <\/div>\n\t\t\t<div class=\"accordion__content\">\n\t\t\t\t<div class=\"accordion__image\"><\/div>\n\t\t\t\t<div class=\"accordion__copy\"><p>Unser vertrauensbasierter Arbeitsansatz bedeutet: Du bist nicht von 9 bis 17 Uhr an deinen Schreibtisch gebunden, sondern kannst dir w\u00e4hrend des Arbeitstags auch Zeit f\u00fcr Familie und Arzttermine nehmen, je nachdem wie es f\u00fcr dich am besten passt.<\/p>\n<\/div>\n\t\t\t\t<div class=\"accordion__cta\">\n\t\t\t\t\t\t\t\t\t\t\t\t\t\t\t<\/div>\n\t\t\t<\/div>\n\t\t<\/div>\n\t\t\t<div class=\"accordion__item shadow\">\n\t\t\t<div class=\"accordion__header h4\"><div class=\"plus\"><\/div>Bietet ihr Weiterbildungs- oder Ausbildungsprogramme an?<\/div>\n\t\t\t<div class=\"accordion__content\">\n\t\t\t\t<div class=\"accordion__image\"><\/div>\n\t\t\t\t<div class=\"accordion__copy\"><p>Unsere ma\u00dfgeschneiderten Entwicklungsprogramme bieten allen Mitarbeitenden strukturierte, praxisorientierte Schulungen, die sie in ihrer pers\u00f6nlichen und fachlichen Weiterentwicklung unterst\u00fctzen.<\/p>\n<p>&nbsp;<\/p>\n<p>Je nach Kenntnisstand k\u00f6nnen unsere Nachwuchs- und F\u00fchrungskr\u00e4fte von individuell zugeschnittenen Programmen zur pers\u00f6nlichen und beruflichen Weiterentwicklung profitieren.<\/p>\n<p>&nbsp;<\/p>\n<p>Mit unserem internen Lernmanagementsystem \u201eEmpower Scheer\u201d stellen wir sicher, dass alle Mitarbeitenden Zugang zu kontinuierlichen Weiterbildungsm\u00f6glichkeiten haben.<\/p>\n<\/div>\n\t\t\t\t<div class=\"accordion__cta\">\n\t\t\t\t\t\t\t\t\t\t\t\t\t\t\t<\/div>\n\t\t\t<\/div>\n\t\t<\/div>\n\t\t\t<div class=\"accordion__item shadow\">\n\t\t\t<div class=\"accordion__header h4\"><div class=\"plus\"><\/div>Wie wird Leistung bewertet und belohnt?<\/div>\n\t\t\t<div class=\"accordion__content\">\n\t\t\t\t<div class=\"accordion__image\"><\/div>\n\t\t\t\t<div class=\"accordion__copy\"><p>Bei Scheer legen wir bei der Leistungsbeurteilung neben regelm\u00e4\u00dfigem Feedback und strukturierten Bewertungen besonders viel Wert auf deine pers\u00f6nlichen Ziele. Wir m\u00f6chten verstehen, wo du dich weiterentwickeln m\u00f6chtest, und arbeiten gemeinsam daran, diese Ziele zu erreichen.<\/p>\n<p>&nbsp;<\/p>\n<p>In jedem Gespr\u00e4ch mit deinem direkten Vorgesetzten erh\u00e4ltst du konstruktives Feedback. Zudem besprecht ihr gemeinsam Ziele, reflektiert deine Entwicklung und erkundet weitere M\u00f6glichkeiten f\u00fcr deine Entwicklung.<\/p>\n<p>&nbsp;<\/p>\n<p>Durch berufliche Weiterentwicklungsm\u00f6glichkeiten, Bef\u00f6rderungen und leistungsbezogene Belohnungen stellen wir zudem sicher, dass dein Beitrag wertgesch\u00e4tzt wird und herausragende Leistungen belohnt werden.<\/p>\n<\/div>\n\t\t\t\t<div class=\"accordion__cta\">\n\t\t\t\t\t\t\t\t\t\t\t\t\t\t\t<\/div>\n\t\t\t<\/div>\n\t\t<\/div>\n\t<\/div>\n<\/div><\/div><\/div><div id=\"pgc-24658-5-2\"  class=\"panel-grid-cell panel-grid-cell-empty\" ><\/div><\/div><div id=\"pg-24658-6\"  class=\"panel-grid panel-no-style\"  style=\"--mobile-padding:;\" ><div id=\"pgc-24658-6-0\"  class=\"panel-grid-cell panel-grid-cell-empty\" ><\/div><div id=\"pgc-24658-6-1\"  class=\"panel-grid-cell panel-grid-cell-mobile-last\" ><div id=\"panel-24658-6-1-0\" class=\"so-panel widget widget_zrm-up-headline panel-first-child\" data-index=\"10\" ><div\n\t\t\t\n\t\t\tclass=\"so-widget-zrm-up-headline so-widget-zrm-up-headline-default-d75171398898-24658\"\n\t\t\t\n\t\t>\n\n\t<div class=\"widget widget--update widget--headline_update widget--show\" style=\"--margins-desktop:0px 0px 60px 0px;--margins-mobile:40px 0px 20px 0px;\">\n\t\t<h2 class=\"h3_update light ta-left\">Onboarding und Weiterentwicklung<\/h2>\t<\/div>\n\n<\/div><\/div><div id=\"panel-24658-6-1-1\" class=\"so-panel widget widget_zrm-accordion panel-last-child\" data-index=\"11\" ><div\n\t\t\t\n\t\t\tclass=\"so-widget-zrm-accordion so-widget-zrm-accordion-default-d75171398898-24658\"\n\t\t\t\n\t\t><div class=\"widget widget--accordion widget--show xl\">\n\t\t\t<div class=\"accordion__item shadow\">\n\t\t\t<div class=\"accordion__header h4\"><div class=\"plus\"><\/div>Wie l\u00e4uft das Onboarding ab?<\/div>\n\t\t\t<div class=\"accordion__content\">\n\t\t\t\t<div class=\"accordion__image\"><\/div>\n\t\t\t\t<div class=\"accordion__copy\"><p>Wir bieten dir ein strukturiertes Einarbeitungsprogramm, das dir den Einstieg erleichtert, unabh\u00e4ngig davon, an welchem Punkt du aktuell stehst.<\/p>\n<p>&nbsp;<\/p>\n<p>Zu Beginn steht dir ein\/e Mentor\/in zur Seite, die dich bei deinem Einstieg begleitet und dich mit seiner Erfahrung unterst\u00fctzt, sodass du dich vom ersten Tag an wohlf\u00fchlst.<\/p>\n<p>&nbsp;<\/p>\n<p>Innerhalb der ersten sechs Monate nimmst du zudem an unseren Connect Days in unserem Headquarter in Saarbr\u00fccken teil und erlebst zwei Tage voller Networking und Inspiration. Dort erh\u00e4ltst du einen \u00dcberblick \u00fcber unsere Unternehmen und Gesch\u00e4ftsbereiche, Einblicke in unsere Kultur und die M\u00f6glichkeit, Kollegen und Kolleginnen pers\u00f6nlich kennenzulernen.<\/p>\n<\/div>\n\t\t\t\t<div class=\"accordion__cta\">\n\t\t\t\t\t\t\t\t\t\t\t\t\t\t\t<\/div>\n\t\t\t<\/div>\n\t\t<\/div>\n\t\t\t<div class=\"accordion__item shadow\">\n\t\t\t<div class=\"accordion__header h4\"><div class=\"plus\"><\/div>Wie k\u00f6nnen Mitarbeitende ihre Karriere innerhalb des Unternehmens vorantreiben? <\/div>\n\t\t\t<div class=\"accordion__content\">\n\t\t\t\t<div class=\"accordion__image\"><\/div>\n\t\t\t\t<div class=\"accordion__copy\"><p>Bei Scheer unterst\u00fctzen wir dich w\u00e4hrend deiner gesamten beruflichen Laufbahn nicht nur mit einem umfassenden Onboarding-Prozess, sondern auch mit individuellen Entwicklungspl\u00e4nen und kontinuierlichen Weiterbildungsm\u00f6glichkeiten.<\/p>\n<p>&nbsp;<\/p>\n<p>Unser internes Lernmanagementsystem \u201eEmpower Scheer\u201d ist das Herzst\u00fcck unserer Weiterbildungs- und Entwicklungsma\u00dfnahmen. Damit k\u00f6nnen wir Online- und Pr\u00e4senz-Schulungsprogramme anbieten, die ein breites Spektrum abdecken: von Projektmanagement bis hin zu Soft Skills.<\/p>\n<p>&nbsp;<\/p>\n<p>Dar\u00fcber hinaus bieten wir eine Vielzahl von praktischen Schulungen an, die von unserem erfahrenen Team sowie externen Experten-Teams geleitet werden und jeweils auf unterschiedliche Karrierestufen und Fachgebiete zugeschnitten sind.<\/p>\n<p>&nbsp;<\/p>\n<p>Das Ergebnis: Wir f\u00f6rdern deine pers\u00f6nliche und berufliche Entwicklung in jeder Phase deiner Karriere.<\/p>\n<p>&nbsp;<\/p>\n<p>Erfahre <a href=\"https:\/\/career.scheer-group.com\/de\/persoenliches-wachstum\/\">hier<\/a> mehr dar\u00fcber, wie wir Talente bei Scheer unterst\u00fctzen.<\/p>\n<\/div>\n\t\t\t\t<div class=\"accordion__cta\">\n\t\t\t\t\t\t\t\t\t\t\t\t\t\t\t<\/div>\n\t\t\t<\/div>\n\t\t<\/div>\n\t<\/div>\n<\/div><\/div><\/div><div id=\"pgc-24658-6-2\"  class=\"panel-grid-cell panel-grid-cell-empty\" ><\/div><\/div><div id=\"pg-24658-7\"  class=\"panel-grid panel-no-style\"  style=\"--mobile-padding:;\" ><div id=\"pgc-24658-7-0\"  class=\"panel-grid-cell\" ><div id=\"panel-24658-7-0-0\" class=\"so-panel widget widget_zrm-up-job-breaker panel-first-child panel-last-child\" data-index=\"12\" ><div\n\t\t\t\n\t\t\tclass=\"so-widget-zrm-up-job-breaker so-widget-zrm-up-job-breaker-default-d75171398898-24658\"\n\t\t\t\n\t\t>\n\n<div class=\"widget widget--update widget--job-breaker widget--show\" style=\"--margins-desktop:0px 0px 80px 0px;--margins-mobile:0px 0px 60px 0px;--paddings-desktop:0px 0px 0px 0px;--paddings-mobile:0px 0px 0px 0px;\" data-queried-for-height=\"false\">\n    <div class=\"job-breaker job-breaker--dark\">\n            <div class=\"job-breaker__background job-breaker__background--transparent\"><\/div>\n                                    <div class=\"job-breaker__image \">\n                            <img decoding=\"async\" src=\"https:\/\/career.scheer-group.com\/de\/wp-content\/uploads\/sites\/8\/2025\/10\/Scheer_Image-1600x900_1.jpg\" alt=\"\">\n                        <\/div>\n                                <div class=\"job-breaker__content content\">\n                <div class=\"content__headline\">\n                    <h2 class=\"h3_update\">Du hast noch Fragen? Unser Karriere-Team hilft dir gerne weiter!<\/h2>                <\/div>\n                <div class=\"content__copy\">\n                    <p><\/p>\n                <\/div>\n                <div class=\"content__buttons\">\n                                                        <a class=\"button button--primary\" href=\"https:\/\/career.scheer-group.com\/de\/kontakt\/\" target=\"_blank\">\n                                        <span>Jetzt kontaktieren<\/span>\n                                    <\/a>\n                                                <\/div>\n            <\/div>\n        <\/div>\n    <\/div>\n    <\/div><\/div><\/div><\/div><\/div>","protected":false},"excerpt":{"rendered":"<p>Karriere FAQs Noch Fragen? Hier findest du Antworten auf die h\u00e4ufigsten Fragen direkt von unserem Karriereteam. Bewerbungsprozess Wie bewerbe ich mich f\u00fcr eine Stelle? Unser Bewerbungsprozess basiert auf drei einfachen \u00fcbersichtlichen Schritten: Klicke auf \u201eJetzt bewerben\u201c F\u00fclle das Formular aus und lade deinen Lebenslauf hoch (und idealerweise ein Anschreiben) hoch Klicke auf \u201eBewerbung absenden\u201c \u2013 [&hellip;]<\/p>\n","protected":false},"author":79,"featured_media":24699,"parent":0,"menu_order":0,"comment_status":"closed","ping_status":"closed","template":"","meta":{"_acf_changed":false,"footnotes":""},"class_list":["post-24658","page","type-page","status-publish","has-post-thumbnail","hentry"],"acf":[],"yoast_head":"<!-- This site is optimized with the Yoast SEO plugin v26.5 - https:\/\/yoast.com\/wordpress\/plugins\/seo\/ -->\n<title>Karriere FAQs - Scheer Gruppe Karriere<\/title>\n<meta name=\"robots\" content=\"index, follow, max-snippet:-1, max-image-preview:large, max-video-preview:-1\" \/>\n<link rel=\"canonical\" href=\"https:\/\/career.scheer-group.com\/de\/?page_id=24658\" \/>\n<meta property=\"og:locale\" content=\"de_DE\" \/>\n<meta property=\"og:type\" content=\"article\" \/>\n<meta property=\"og:title\" content=\"Karriere FAQs - Scheer Gruppe Karriere\" \/>\n<meta property=\"og:description\" content=\"Karriere FAQs Noch Fragen? Hier findest du Antworten auf die h\u00e4ufigsten Fragen direkt von unserem Karriereteam. Bewerbungsprozess Wie bewerbe ich mich f\u00fcr eine Stelle? Unser Bewerbungsprozess basiert auf drei einfachen \u00fcbersichtlichen Schritten: Klicke auf \u201eJetzt bewerben\u201c F\u00fclle das Formular aus und lade deinen Lebenslauf hoch (und idealerweise ein Anschreiben) hoch Klicke auf \u201eBewerbung absenden\u201c \u2013 [&hellip;]\" \/>\n<meta property=\"og:url\" content=\"https:\/\/career.scheer-group.com\/de\/?page_id=24658\" \/>\n<meta property=\"og:site_name\" content=\"Scheer Gruppe Karriere\" \/>\n<meta property=\"article:modified_time\" content=\"2026-01-06T09:46:21+00:00\" \/>\n<meta property=\"og:image\" content=\"https:\/\/career.scheer-group.com\/de\/wp-content\/uploads\/sites\/8\/2025\/12\/Header-4-3-Graphic_FAQ.jpg\" \/>\n\t<meta property=\"og:image:width\" content=\"1201\" \/>\n\t<meta property=\"og:image:height\" content=\"900\" \/>\n\t<meta property=\"og:image:type\" content=\"image\/jpeg\" \/>\n<meta name=\"twitter:card\" content=\"summary_large_image\" \/>\n<script type=\"application\/ld+json\" class=\"yoast-schema-graph\">{\"@context\":\"https:\/\/schema.org\",\"@graph\":[{\"@type\":\"WebPage\",\"@id\":\"https:\/\/career.scheer-group.com\/de\/?page_id=24658\",\"url\":\"https:\/\/career.scheer-group.com\/de\/?page_id=24658\",\"name\":\"Karriere FAQs - Scheer Gruppe Karriere\",\"isPartOf\":{\"@id\":\"https:\/\/career.scheer-group.com\/de\/#website\"},\"primaryImageOfPage\":{\"@id\":\"https:\/\/career.scheer-group.com\/de\/?page_id=24658#primaryimage\"},\"image\":{\"@id\":\"https:\/\/career.scheer-group.com\/de\/?page_id=24658#primaryimage\"},\"thumbnailUrl\":\"https:\/\/career.scheer-group.com\/de\/wp-content\/uploads\/sites\/8\/2025\/12\/Header-4-3-Graphic_FAQ.jpg\",\"datePublished\":\"2025-12-09T10:11:24+00:00\",\"dateModified\":\"2026-01-06T09:46:21+00:00\",\"breadcrumb\":{\"@id\":\"https:\/\/career.scheer-group.com\/de\/?page_id=24658#breadcrumb\"},\"inLanguage\":\"de\",\"potentialAction\":[{\"@type\":\"ReadAction\",\"target\":[\"https:\/\/career.scheer-group.com\/de\/?page_id=24658\"]}]},{\"@type\":\"ImageObject\",\"inLanguage\":\"de\",\"@id\":\"https:\/\/career.scheer-group.com\/de\/?page_id=24658#primaryimage\",\"url\":\"https:\/\/career.scheer-group.com\/de\/wp-content\/uploads\/sites\/8\/2025\/12\/Header-4-3-Graphic_FAQ.jpg\",\"contentUrl\":\"https:\/\/career.scheer-group.com\/de\/wp-content\/uploads\/sites\/8\/2025\/12\/Header-4-3-Graphic_FAQ.jpg\",\"width\":1201,\"height\":900,\"caption\":\"Symbolbild mit Icon, das ein Fragezeichen zeigt\"},{\"@type\":\"BreadcrumbList\",\"@id\":\"https:\/\/career.scheer-group.com\/de\/?page_id=24658#breadcrumb\",\"itemListElement\":[{\"@type\":\"ListItem\",\"position\":1,\"name\":\"Home\",\"item\":\"https:\/\/career.scheer-group.com\/de\/\"},{\"@type\":\"ListItem\",\"position\":2,\"name\":\"Karriere FAQs\"}]},{\"@type\":\"WebSite\",\"@id\":\"https:\/\/career.scheer-group.com\/de\/#website\",\"url\":\"https:\/\/career.scheer-group.com\/de\/\",\"name\":\"Scheer Gruppe Karriere\",\"description\":\"\",\"potentialAction\":[{\"@type\":\"SearchAction\",\"target\":{\"@type\":\"EntryPoint\",\"urlTemplate\":\"https:\/\/career.scheer-group.com\/de\/?s={search_term_string}\"},\"query-input\":{\"@type\":\"PropertyValueSpecification\",\"valueRequired\":true,\"valueName\":\"search_term_string\"}}],\"inLanguage\":\"de\"}]}<\/script>\n<!-- \/ Yoast SEO plugin. -->","yoast_head_json":{"title":"Karriere FAQs - Scheer Gruppe Karriere","robots":{"index":"index","follow":"follow","max-snippet":"max-snippet:-1","max-image-preview":"max-image-preview:large","max-video-preview":"max-video-preview:-1"},"canonical":"https:\/\/career.scheer-group.com\/de\/?page_id=24658","og_locale":"de_DE","og_type":"article","og_title":"Karriere FAQs - Scheer Gruppe Karriere","og_description":"Karriere FAQs Noch Fragen? Hier findest du Antworten auf die h\u00e4ufigsten Fragen direkt von unserem Karriereteam. Bewerbungsprozess Wie bewerbe ich mich f\u00fcr eine Stelle? Unser Bewerbungsprozess basiert auf drei einfachen \u00fcbersichtlichen Schritten: Klicke auf \u201eJetzt bewerben\u201c F\u00fclle das Formular aus und lade deinen Lebenslauf hoch (und idealerweise ein Anschreiben) hoch Klicke auf \u201eBewerbung absenden\u201c \u2013 [&hellip;]","og_url":"https:\/\/career.scheer-group.com\/de\/?page_id=24658","og_site_name":"Scheer Gruppe Karriere","article_modified_time":"2026-01-06T09:46:21+00:00","og_image":[{"width":1201,"height":900,"url":"https:\/\/career.scheer-group.com\/de\/wp-content\/uploads\/sites\/8\/2025\/12\/Header-4-3-Graphic_FAQ.jpg","type":"image\/jpeg"}],"twitter_card":"summary_large_image","schema":{"@context":"https:\/\/schema.org","@graph":[{"@type":"WebPage","@id":"https:\/\/career.scheer-group.com\/de\/?page_id=24658","url":"https:\/\/career.scheer-group.com\/de\/?page_id=24658","name":"Karriere FAQs - Scheer Gruppe Karriere","isPartOf":{"@id":"https:\/\/career.scheer-group.com\/de\/#website"},"primaryImageOfPage":{"@id":"https:\/\/career.scheer-group.com\/de\/?page_id=24658#primaryimage"},"image":{"@id":"https:\/\/career.scheer-group.com\/de\/?page_id=24658#primaryimage"},"thumbnailUrl":"https:\/\/career.scheer-group.com\/de\/wp-content\/uploads\/sites\/8\/2025\/12\/Header-4-3-Graphic_FAQ.jpg","datePublished":"2025-12-09T10:11:24+00:00","dateModified":"2026-01-06T09:46:21+00:00","breadcrumb":{"@id":"https:\/\/career.scheer-group.com\/de\/?page_id=24658#breadcrumb"},"inLanguage":"de","potentialAction":[{"@type":"ReadAction","target":["https:\/\/career.scheer-group.com\/de\/?page_id=24658"]}]},{"@type":"ImageObject","inLanguage":"de","@id":"https:\/\/career.scheer-group.com\/de\/?page_id=24658#primaryimage","url":"https:\/\/career.scheer-group.com\/de\/wp-content\/uploads\/sites\/8\/2025\/12\/Header-4-3-Graphic_FAQ.jpg","contentUrl":"https:\/\/career.scheer-group.com\/de\/wp-content\/uploads\/sites\/8\/2025\/12\/Header-4-3-Graphic_FAQ.jpg","width":1201,"height":900,"caption":"Symbolbild mit Icon, das ein Fragezeichen zeigt"},{"@type":"BreadcrumbList","@id":"https:\/\/career.scheer-group.com\/de\/?page_id=24658#breadcrumb","itemListElement":[{"@type":"ListItem","position":1,"name":"Home","item":"https:\/\/career.scheer-group.com\/de\/"},{"@type":"ListItem","position":2,"name":"Karriere FAQs"}]},{"@type":"WebSite","@id":"https:\/\/career.scheer-group.com\/de\/#website","url":"https:\/\/career.scheer-group.com\/de\/","name":"Scheer Gruppe Karriere","description":"","potentialAction":[{"@type":"SearchAction","target":{"@type":"EntryPoint","urlTemplate":"https:\/\/career.scheer-group.com\/de\/?s={search_term_string}"},"query-input":{"@type":"PropertyValueSpecification","valueRequired":true,"valueName":"search_term_string"}}],"inLanguage":"de"}]}},"_links":{"self":[{"href":"https:\/\/career.scheer-group.com\/de\/wp-json\/wp\/v2\/pages\/24658","targetHints":{"allow":["GET"]}}],"collection":[{"href":"https:\/\/career.scheer-group.com\/de\/wp-json\/wp\/v2\/pages"}],"about":[{"href":"https:\/\/career.scheer-group.com\/de\/wp-json\/wp\/v2\/types\/page"}],"author":[{"embeddable":true,"href":"https:\/\/career.scheer-group.com\/de\/wp-json\/wp\/v2\/users\/79"}],"replies":[{"embeddable":true,"href":"https:\/\/career.scheer-group.com\/de\/wp-json\/wp\/v2\/comments?post=24658"}],"version-history":[{"count":70,"href":"https:\/\/career.scheer-group.com\/de\/wp-json\/wp\/v2\/pages\/24658\/revisions"}],"predecessor-version":[{"id":25031,"href":"https:\/\/career.scheer-group.com\/de\/wp-json\/wp\/v2\/pages\/24658\/revisions\/25031"}],"wp:featuredmedia":[{"embeddable":true,"href":"https:\/\/career.scheer-group.com\/de\/wp-json\/wp\/v2\/media\/24699"}],"wp:attachment":[{"href":"https:\/\/career.scheer-group.com\/de\/wp-json\/wp\/v2\/media?parent=24658"}],"curies":[{"name":"wp","href":"https:\/\/api.w.org\/{rel}","templated":true}]}}